{"id":739,"date":"2024-08-04T21:00:54","date_gmt":"2024-08-04T21:00:54","guid":{"rendered":"https:\/\/www.zeleniturizem.si\/?page_id=739"},"modified":"2024-08-04T21:00:55","modified_gmt":"2024-08-04T21:00:55","slug":"gorska-e-kolesa","status":"publish","type":"page","link":"https:\/\/www.zeleniturizem.si\/sl\/gorska-e-kolesa\/","title":{"rendered":"Gorska e-kolesa"},"content":{"rendered":"<p>[et_pb_section fb_built=&#8221;1&#8243; _builder_version=&#8221;4.16&#8243; _module_preset=&#8221;default&#8221; background_image=&#8221;https:\/\/www.zeleniturizem.si\/wp-content\/uploads\/2021\/06\/naselje_zeleni_turizem_iz_zraka.jpg&#8221; height=&#8221;326px&#8221; global_colors_info=&#8221;{}&#8221; theme_builder_area=&#8221;post_content&#8221;][et_pb_row _builder_version=&#8221;4.16&#8243; _module_preset=&#8221;default&#8221; custom_padding=&#8221;103px|||||&#8221; global_colors_info=&#8221;{}&#8221; theme_builder_area=&#8221;post_content&#8221;][et_pb_column type=&#8221;4_4&#8243; _builder_version=&#8221;4.16&#8243; _module_preset=&#8221;default&#8221; global_colors_info=&#8221;{}&#8221; theme_builder_area=&#8221;post_content&#8221;][et_pb_text _builder_version=&#8221;4.27.0&#8243; _module_preset=&#8221;default&#8221; header_text_color=&#8221;#FFFFFF&#8221; header_font_size=&#8221;44px&#8221; hover_enabled=&#8221;0&#8243; global_colors_info=&#8221;{}&#8221; theme_builder_area=&#8221;post_content&#8221; sticky_enabled=&#8221;0&#8243;]<\/p>\n<h1 style=\"text-align: center;\">Projekt Gorska e-kolesa<\/h1>\n<p>[\/et_pb_text][et_pb_text _builder_version=&#8221;4.27.0&#8243; _module_preset=&#8221;default&#8221; header_2_font=&#8221;|300|on||||||&#8221; header_2_text_color=&#8221;#FFFFFF&#8221; header_2_font_size=&#8221;27px&#8221; global_colors_info=&#8221;{}&#8221; theme_builder_area=&#8221;post_content&#8221;][\/et_pb_text][\/et_pb_column][\/et_pb_row][\/et_pb_section][et_pb_section fb_built=&#8221;1&#8243; _builder_version=&#8221;4.16&#8243; _module_preset=&#8221;default&#8221; global_colors_info=&#8221;{}&#8221; theme_builder_area=&#8221;post_content&#8221;][et_pb_row _builder_version=&#8221;4.16&#8243; _module_preset=&#8221;default&#8221; global_colors_info=&#8221;{}&#8221; theme_builder_area=&#8221;post_content&#8221;][et_pb_column type=&#8221;4_4&#8243; _builder_version=&#8221;4.16&#8243; _module_preset=&#8221;default&#8221; global_colors_info=&#8221;{}&#8221; theme_builder_area=&#8221;post_content&#8221;][et_pb_text _builder_version=&#8221;4.27.0&#8243; _module_preset=&#8221;default&#8221; header_text_color=&#8221;gcid-2394a68c-c24a-4717-ab73-1079cb80172e&#8221; header_2_text_color=&#8221;#000000&#8243; hover_enabled=&#8221;0&#8243; global_colors_info=&#8221;{%22gcid-2394a68c-c24a-4717-ab73-1079cb80172e%22:%91%22header_text_color%22%93}&#8221; theme_builder_area=&#8221;post_content&#8221; header_font=&#8221;||||||||&#8221; sticky_enabled=&#8221;0&#8243;]<\/p>\n<header class=\"entry-header\">\n<header class=\"entry-header\">\n<h1 class=\"title-post entry-title\">Gorska e-kolesa<\/h1>\n<\/header>\n<div class=\"entry-content\"><\/div>\n<\/header>\n<div class=\"entry-content\"><\/div>\n<p>[\/et_pb_text][et_pb_text _builder_version=&#8221;4.27.0&#8243; _module_preset=&#8221;default&#8221; text_font_size=&#8221;20px&#8221; hover_enabled=&#8221;0&#8243; global_colors_info=&#8221;{}&#8221; theme_builder_area=&#8221;post_content&#8221; sticky_enabled=&#8221;0&#8243;]<\/p>\n<p><strong>Namen operacije:<\/strong><span> \u00a0Z\u00a0izposojo gorskih e-koles se bo zmanj\u0161ala potreba ljudi po vo\u017enji z avtomobili ali drugimi oblikami motoriziranega prometa na obmo\u010djih bogatih naravnih danosti, kar bo pomembno prispevalo k ohranjanju narave in pove\u010danju privla\u010dnosti obmo\u010dja za kakovostno pre\u017eivljanje prostega \u010dasa ljudi. Izposoja gorskih e-koles bo obiskovalcem omogo\u010dala trajnosten, okoljsko, zdravstveno in energetsko u\u010dinkovit na\u010din prevoza po pode\u017eelskem obmo\u010dju LAS. Ker je obmo\u010dje LAS predvsem zaradi svoje prometne lege precej tranzitno obmo\u010dje in je zanj zna\u010dilna nadpovpre\u010dna stopnja prometa, so prizadevanja k zmanj\u0161anju motoriziranega prometa ter zmanj\u0161anju izpustov nevarnih snovi v zrak \u0161e toliko bolj pomembna.<\/span><\/p>\n<p><strong>Cilj operacije:<\/strong><span> Popestritev turisti\u010dne ponudbe z izposojo gorskih e-koles na obmo\u010dju LAS.<\/span><\/p>\n<p><strong>Prijavitelj:<\/strong> LAS Dobro za nas<\/p>\n<p><strong>Partnerji:<\/strong> Ob\u010dina Polj\u010dane, Zeleni turizem, \u017dan Vovk s.p., Hotel Jakec Trije kralji, d.o.o., Barbara \u0160tern \u2013 nosilka dopolnilne dejavnosti na kmetiji, Boris Uranjek \u2013 nosilec dopolnilne dejavnosti na kmetiji<\/p>\n<p>Celotna vrednost projekta: 113.148,38 EUR<\/p>\n<p>Vi\u0161ina upravi\u010denih LEADER\/CLLD sredstev: 78.832,88 EUR<\/p>\n<p><a href=\"http:\/\/ec.europa.eu\/agriculture\/rural-development-2014-2020\/index_sl.htm\">Evropski kmetijski sklad za razvoj pode\u017eelja: Evropa investira v pode\u017eelje<\/a><\/p>\n<p><a href=\"http:\/\/www.program-podezelja.si\/\">Program razvoja pode\u017eelja<\/a><\/p>\n<p>[\/et_pb_text][\/et_pb_column][\/et_pb_row][\/et_pb_section]<\/p>\n","protected":false},"excerpt":{"rendered":"<p>Projekt Gorska e-kolesa Gorska e-kolesa Namen operacije: \u00a0Z\u00a0izposojo gorskih e-koles se bo zmanj\u0161ala potreba ljudi po vo\u017enji z avtomobili ali drugimi oblikami motoriziranega prometa na obmo\u010djih bogatih naravnih danosti, kar bo pomembno prispevalo k ohranjanju narave in pove\u010danju privla\u010dnosti obmo\u010dja za kakovostno pre\u017eivljanje prostega \u010dasa ljudi. Izposoja gorskih e-koles bo obiskovalcem omogo\u010dala trajnosten, okoljsko, zdravstveno [&hellip;]<\/p>\n","protected":false},"author":1,"featured_media":0,"parent":0,"menu_order":0,"comment_status":"closed","ping_status":"closed","template":"","meta":{"_et_pb_use_builder":"on","_et_pb_old_content":"","_et_gb_content_width":"","_monsterinsights_skip_tracking":false,"_monsterinsights_sitenote_active":false,"_monsterinsights_sitenote_note":"","_monsterinsights_sitenote_category":0,"footnotes":""},"class_list":["post-739","page","type-page","status-publish","hentry"],"yoast_head":"<!-- This site is optimized with the Yoast SEO plugin v23.2 - https:\/\/yoast.com\/wordpress\/plugins\/seo\/ -->\n<title>Gorska e-kolesa - Zeleni Turizem<\/title>\n<meta name=\"robots\" content=\"index, follow, max-snippet:-1, max-image-preview:large, max-video-preview:-1\" \/>\n<link rel=\"canonical\" href=\"https:\/\/www.zeleniturizem.si\/sl\/gorska-e-kolesa\/\" \/>\n<meta property=\"og:locale\" content=\"sl_SI\" \/>\n<meta property=\"og:type\" content=\"article\" \/>\n<meta property=\"og:title\" content=\"Gorska e-kolesa - Zeleni Turizem\" \/>\n<meta property=\"og:description\" content=\"Projekt Gorska e-kolesa Gorska e-kolesa Namen operacije: \u00a0Z\u00a0izposojo gorskih e-koles se bo zmanj\u0161ala potreba ljudi po vo\u017enji z avtomobili ali drugimi oblikami motoriziranega prometa na obmo\u010djih bogatih naravnih danosti, kar bo pomembno prispevalo k ohranjanju narave in pove\u010danju privla\u010dnosti obmo\u010dja za kakovostno pre\u017eivljanje prostega \u010dasa ljudi. Izposoja gorskih e-koles bo obiskovalcem omogo\u010dala trajnosten, okoljsko, zdravstveno [&hellip;]\" \/>\n<meta property=\"og:url\" content=\"https:\/\/www.zeleniturizem.si\/sl\/gorska-e-kolesa\/\" \/>\n<meta property=\"og:site_name\" content=\"Zeleni Turizem\" \/>\n<meta property=\"article:publisher\" content=\"https:\/\/www.facebook.com\/ZeleniTurizem\/\" \/>\n<meta property=\"article:modified_time\" content=\"2024-08-04T21:00:55+00:00\" \/>\n<meta name=\"twitter:card\" content=\"summary_large_image\" \/>\n<meta name=\"twitter:label1\" content=\"Est. reading time\" \/>\n\t<meta name=\"twitter:data1\" content=\"2 minuti\" \/>\n<script type=\"application\/ld+json\" class=\"yoast-schema-graph\">{\"@context\":\"https:\/\/schema.org\",\"@graph\":[{\"@type\":\"WebPage\",\"@id\":\"https:\/\/www.zeleniturizem.si\/en\/gorska-e-kolesa\/\",\"url\":\"https:\/\/www.zeleniturizem.si\/en\/gorska-e-kolesa\/\",\"name\":\"Gorska e-kolesa - Zeleni Turizem\",\"isPartOf\":{\"@id\":\"https:\/\/www.zeleniturizem.si\/sl\/#website\"},\"datePublished\":\"2024-08-04T21:00:54+00:00\",\"dateModified\":\"2024-08-04T21:00:55+00:00\",\"breadcrumb\":{\"@id\":\"https:\/\/www.zeleniturizem.si\/en\/gorska-e-kolesa\/#breadcrumb\"},\"inLanguage\":\"sl-SI\",\"potentialAction\":[{\"@type\":\"ReadAction\",\"target\":[\"https:\/\/www.zeleniturizem.si\/en\/gorska-e-kolesa\/\"]}]},{\"@type\":\"BreadcrumbList\",\"@id\":\"https:\/\/www.zeleniturizem.si\/en\/gorska-e-kolesa\/#breadcrumb\",\"itemListElement\":[{\"@type\":\"ListItem\",\"position\":1,\"name\":\"Home\",\"item\":\"https:\/\/www.zeleniturizem.si\/sl\/\"},{\"@type\":\"ListItem\",\"position\":2,\"name\":\"Gorska e-kolesa\"}]},{\"@type\":\"WebSite\",\"@id\":\"https:\/\/www.zeleniturizem.si\/sl\/#website\",\"url\":\"https:\/\/www.zeleniturizem.si\/sl\/\",\"name\":\"Zeleni Turizem\",\"description\":\"Sprosti se v naravi\",\"publisher\":{\"@id\":\"https:\/\/www.zeleniturizem.si\/sl\/#organization\"},\"potentialAction\":[{\"@type\":\"SearchAction\",\"target\":{\"@type\":\"EntryPoint\",\"urlTemplate\":\"https:\/\/www.zeleniturizem.si\/sl\/?s={search_term_string}\"},\"query-input\":\"required name=search_term_string\"}],\"inLanguage\":\"sl-SI\"},{\"@type\":\"Organization\",\"@id\":\"https:\/\/www.zeleniturizem.si\/sl\/#organization\",\"name\":\"Zeleni Turizem\",\"url\":\"https:\/\/www.zeleniturizem.si\/sl\/\",\"logo\":{\"@type\":\"ImageObject\",\"inLanguage\":\"sl-SI\",\"@id\":\"https:\/\/www.zeleniturizem.si\/sl\/#\/schema\/logo\/image\/\",\"url\":\"https:\/\/www.zeleniturizem.si\/wp-content\/uploads\/2024\/08\/logo_dark_dark_green3.png\",\"contentUrl\":\"https:\/\/www.zeleniturizem.si\/wp-content\/uploads\/2024\/08\/logo_dark_dark_green3.png\",\"width\":813,\"height\":307,\"caption\":\"Zeleni Turizem\"},\"image\":{\"@id\":\"https:\/\/www.zeleniturizem.si\/sl\/#\/schema\/logo\/image\/\"},\"sameAs\":[\"https:\/\/www.facebook.com\/ZeleniTurizem\/\"]}]}<\/script>\n<!-- \/ Yoast SEO plugin. -->","yoast_head_json":{"title":"Gorska e-kolesa - Zeleni Turizem","robots":{"index":"index","follow":"follow","max-snippet":"max-snippet:-1","max-image-preview":"max-image-preview:large","max-video-preview":"max-video-preview:-1"},"canonical":"https:\/\/www.zeleniturizem.si\/sl\/gorska-e-kolesa\/","og_locale":"sl_SI","og_type":"article","og_title":"Gorska e-kolesa - Zeleni Turizem","og_description":"Projekt Gorska e-kolesa Gorska e-kolesa Namen operacije: \u00a0Z\u00a0izposojo gorskih e-koles se bo zmanj\u0161ala potreba ljudi po vo\u017enji z avtomobili ali drugimi oblikami motoriziranega prometa na obmo\u010djih bogatih naravnih danosti, kar bo pomembno prispevalo k ohranjanju narave in pove\u010danju privla\u010dnosti obmo\u010dja za kakovostno pre\u017eivljanje prostega \u010dasa ljudi. Izposoja gorskih e-koles bo obiskovalcem omogo\u010dala trajnosten, okoljsko, zdravstveno [&hellip;]","og_url":"https:\/\/www.zeleniturizem.si\/sl\/gorska-e-kolesa\/","og_site_name":"Zeleni Turizem","article_publisher":"https:\/\/www.facebook.com\/ZeleniTurizem\/","article_modified_time":"2024-08-04T21:00:55+00:00","twitter_card":"summary_large_image","twitter_misc":{"Est. reading time":"2 minuti"},"schema":{"@context":"https:\/\/schema.org","@graph":[{"@type":"WebPage","@id":"https:\/\/www.zeleniturizem.si\/en\/gorska-e-kolesa\/","url":"https:\/\/www.zeleniturizem.si\/en\/gorska-e-kolesa\/","name":"Gorska e-kolesa - Zeleni Turizem","isPartOf":{"@id":"https:\/\/www.zeleniturizem.si\/sl\/#website"},"datePublished":"2024-08-04T21:00:54+00:00","dateModified":"2024-08-04T21:00:55+00:00","breadcrumb":{"@id":"https:\/\/www.zeleniturizem.si\/en\/gorska-e-kolesa\/#breadcrumb"},"inLanguage":"sl-SI","potentialAction":[{"@type":"ReadAction","target":["https:\/\/www.zeleniturizem.si\/en\/gorska-e-kolesa\/"]}]},{"@type":"BreadcrumbList","@id":"https:\/\/www.zeleniturizem.si\/en\/gorska-e-kolesa\/#breadcrumb","itemListElement":[{"@type":"ListItem","position":1,"name":"Home","item":"https:\/\/www.zeleniturizem.si\/sl\/"},{"@type":"ListItem","position":2,"name":"Gorska e-kolesa"}]},{"@type":"WebSite","@id":"https:\/\/www.zeleniturizem.si\/sl\/#website","url":"https:\/\/www.zeleniturizem.si\/sl\/","name":"Zeleni Turizem","description":"Sprosti se v naravi","publisher":{"@id":"https:\/\/www.zeleniturizem.si\/sl\/#organization"},"potentialAction":[{"@type":"SearchAction","target":{"@type":"EntryPoint","urlTemplate":"https:\/\/www.zeleniturizem.si\/sl\/?s={search_term_string}"},"query-input":"required name=search_term_string"}],"inLanguage":"sl-SI"},{"@type":"Organization","@id":"https:\/\/www.zeleniturizem.si\/sl\/#organization","name":"Zeleni Turizem","url":"https:\/\/www.zeleniturizem.si\/sl\/","logo":{"@type":"ImageObject","inLanguage":"sl-SI","@id":"https:\/\/www.zeleniturizem.si\/sl\/#\/schema\/logo\/image\/","url":"https:\/\/www.zeleniturizem.si\/wp-content\/uploads\/2024\/08\/logo_dark_dark_green3.png","contentUrl":"https:\/\/www.zeleniturizem.si\/wp-content\/uploads\/2024\/08\/logo_dark_dark_green3.png","width":813,"height":307,"caption":"Zeleni Turizem"},"image":{"@id":"https:\/\/www.zeleniturizem.si\/sl\/#\/schema\/logo\/image\/"},"sameAs":["https:\/\/www.facebook.com\/ZeleniTurizem\/"]}]}},"_links":{"self":[{"href":"https:\/\/www.zeleniturizem.si\/sl\/wp-json\/wp\/v2\/pages\/739","targetHints":{"allow":["GET"]}}],"collection":[{"href":"https:\/\/www.zeleniturizem.si\/sl\/wp-json\/wp\/v2\/pages"}],"about":[{"href":"https:\/\/www.zeleniturizem.si\/sl\/wp-json\/wp\/v2\/types\/page"}],"author":[{"embeddable":true,"href":"https:\/\/www.zeleniturizem.si\/sl\/wp-json\/wp\/v2\/users\/1"}],"replies":[{"embeddable":true,"href":"https:\/\/www.zeleniturizem.si\/sl\/wp-json\/wp\/v2\/comments?post=739"}],"version-history":[{"count":2,"href":"https:\/\/www.zeleniturizem.si\/sl\/wp-json\/wp\/v2\/pages\/739\/revisions"}],"predecessor-version":[{"id":742,"href":"https:\/\/www.zeleniturizem.si\/sl\/wp-json\/wp\/v2\/pages\/739\/revisions\/742"}],"wp:attachment":[{"href":"https:\/\/www.zeleniturizem.si\/sl\/wp-json\/wp\/v2\/media?parent=739"}],"curies":[{"name":"wp","href":"https:\/\/api.w.org\/{rel}","templated":true}]}}